{"version":"1.0","provider_name":"ColchonesAznar - Blog","provider_url":"https:\/\/colchonesaznar.com\/blog","title":"\u00bfQu\u00e9 es la par\u00e1lisis del sue\u00f1o y c\u00f3mo combatirla? - ColchonesAznar - Blog","type":"rich","width":600,"height":338,"html":"<blockquote class=\"wp-embedded-content\" data-secret=\"usYn9uNGHT\"><a href=\"https:\/\/colchonesaznar.com\/blog\/paralisis-del-sueno\/\">\u00bfQu\u00e9 es la par\u00e1lisis del sue\u00f1o y c\u00f3mo combatirla?<\/a><\/blockquote><iframe sandbox=\"allow-scripts\" security=\"restricted\" src=\"https:\/\/colchonesaznar.com\/blog\/paralisis-del-sueno\/embed\/#?secret=usYn9uNGHT\" width=\"600\" height=\"338\" title=\"\u00ab\u00bfQu\u00e9 es la par\u00e1lisis del sue\u00f1o y c\u00f3mo combatirla?\u00bb \u2014 ColchonesAznar - Blog\" data-secret=\"usYn9uNGHT\" frameborder=\"0\" marginwidth=\"0\" marginheight=\"0\" scrolling=\"no\" class=\"wp-embedded-content\"><\/iframe><script type=\"text\/javascript\">\n\/* <![CDATA[ *\/\n\/*! This file is auto-generated *\/\n!function(d,l){\"use strict\";l.querySelector&&d.addEventListener&&\"undefined\"!=typeof URL&&(d.wp=d.wp||{},d.wp.receiveEmbedMessage||(d.wp.receiveEmbedMessage=function(e){var t=e.data;if((t||t.secret||t.message||t.value)&&!\/[^a-zA-Z0-9]\/.test(t.secret)){for(var s,r,n,a=l.querySelectorAll('iframe[data-secret=\"'+t.secret+'\"]'),o=l.querySelectorAll('blockquote[data-secret=\"'+t.secret+'\"]'),c=new RegExp(\"^https?:$\",\"i\"),i=0;i<o.length;i++)o[i].style.display=\"none\";for(i=0;i<a.length;i++)s=a[i],e.source===s.contentWindow&&(s.removeAttribute(\"style\"),\"height\"===t.message?(1e3<(r=parseInt(t.value,10))?r=1e3:~~r<200&&(r=200),s.height=r):\"link\"===t.message&&(r=new URL(s.getAttribute(\"src\")),n=new URL(t.value),c.test(n.protocol))&&n.host===r.host&&l.activeElement===s&&(d.top.location.href=t.value))}},d.addEventListener(\"message\",d.wp.receiveEmbedMessage,!1),l.addEventListener(\"DOMContentLoaded\",function(){for(var e,t,s=l.querySelectorAll(\"iframe.wp-embedded-content\"),r=0;r<s.length;r++)(t=(e=s[r]).getAttribute(\"data-secret\"))||(t=Math.random().toString(36).substring(2,12),e.src+=\"#?secret=\"+t,e.setAttribute(\"data-secret\",t)),e.contentWindow.postMessage({message:\"ready\",secret:t},\"*\")},!1)))}(window,document);\n\/* ]]> *\/\n<\/script>\n","thumbnail_url":"https:\/\/colchonesaznar.com\/blog\/wp-content\/uploads\/2019\/07\/par\u00e1lisis-del-sue\u00f1o.jpg","thumbnail_width":640,"thumbnail_height":360,"description":"Hasta un 60% de la poblaci\u00f3n espa\u00f1ola ha experimentado en alguna ocasi\u00f3n la par\u00e1lisis del sue\u00f1o, un horroroso episodio en el que el durmiente se ve incpaz de moverse. \u00bfQuieres conocer todos los detalles sobre este transtorno del sue\u00f1o? Te lo contamos en este post de la mano de expertos. \u00bfQu\u00e9 se entiende por par\u00e1lisis [&hellip;]"}